{"id":898,"date":"2021-04-05T08:39:01","date_gmt":"2021-04-05T08:39:01","guid":{"rendered":"https:\/\/eprotect-project.eu\/?page_id=898"},"modified":"2022-09-01T10:42:08","modified_gmt":"2022-09-01T10:42:08","slug":"ressources","status":"publish","type":"page","link":"https:\/\/eprotect-project.eu\/fr\/ressources\/","title":{"rendered":"RESSOURCES"},"content":{"rendered":"<h2><strong>Ressources<\/strong><\/h2>\n<p><img decoding=\"async\" src=\"\/wp-content\/uploads\/2021\/02\/Group-1101.png\" alt=\"\"><\/p>\n<div>\n<p>\nAu fur et \u00e0 mesure de l&rsquo;avancement du projet, vous pourrez trouver ici le cadre de comp\u00e9tences pour la protection des consommateurs et des donn\u00e9es personnelles en ligne, la bo\u00eete \u00e0 outils de formation des formateurs, ainsi que d&rsquo;autres documents utiles produits tout au long du projet.<\/p>\n<\/div>\n<h2>\u00c9CHELLE DE COMP\u00c9TENCES<\/h2>\n<p><img decoding=\"async\" src=\"\/wp-content\/uploads\/2021\/04\/Group-1172.png\" alt=\"\"><\/p>\n<div>\n<p>L&rsquo;\u00e9chelle de comp\u00e9tences  en mati\u00e8re de protection des consommateurs et des donn\u00e9es personnelles des seniors est un outil utile tant pour les seniors que pour les professionnels qui travaillent avec eux. Elle donne une vision claire des comp\u00e9tences et des besoins de formation des seniors concernant la protection des donn\u00e9es et la s\u00e9curit\u00e9 sur Internet. Elle peut \u00e9galement \u00eatre utilis\u00e9e comme un moyen pratique de mesurer la ma\u00eetise qu\u2019ont les seniors de ces comp\u00e9tences.<\/p>\n<\/div>\n<p>\n    <a href=\"https:\/\/eprotect-project.eu\/fr\/ressources\/competency-scale\/\">En savoir plus<\/a>\n<\/p>\n<h2>KIT DE FORMATION DES FORMATEURS<\/h2>\n<p><img decoding=\"async\" src=\"\/wp-content\/uploads\/2021\/04\/Group-1173.png\" alt=\"\"><\/p>\n<div>\n<p>La bo\u00eete \u00e0 outils e-Protect pour la formation des formateurs renforce les capacit\u00e9s des formateurs et favorise la mise en \u0153uvre de ce programme de formation novateur destin\u00e9 aux seniors. Elle fournit des connaissances cl\u00e9s,  une compr\u00e9hension des programmes, des instructions sur la fa\u00e7on de pr\u00e9parer le programme de formation, du mat\u00e9riel p\u00e9dagogique, ainsi que des conseils et des astuces sur la relation entre le formateur et les participants seniors.<\/p>\n<\/div>\n<p>\n    <a href=\"https:\/\/eprotect-project.eu\/wp-content\/uploads\/2022\/09\/e-protect_Toolkit-FR-entier4.pdf\">En savoir plus<\/a>\n<\/p>\n<h2>MAT\u00c9RIEL SUPPL\u00c9MENTAIRE<\/h2>\n<p><img decoding=\"async\" src=\"\/wp-content\/uploads\/2021\/04\/Group-1174.png\" alt=\"\"><\/p>\n<div>\n<p>Des documents pertinents concernant la protection des consommateurs et des donn\u00e9es personnelles  des seniors en ligne et divers rapports sur la mise en \u0153uvre du projet peuvent \u00eatre trouv\u00e9s ici.<\/p>\n<\/div>\n<ul>\n<li>\n        <a href=\"https:\/\/eprotect-project.eu\/wp-content\/uploads\/2021\/07\/e-protect_Desk-Research_AT.pdf\">Austria Report<\/a>\n    <\/li>\n<li>\n        <a href=\"https:\/\/eprotect-project.eu\/wp-content\/uploads\/2021\/07\/e-protect_Desk-Research_CY1.pdf\">Cyprus Report<\/a>\n    <\/li>\n<li>\n        <a href=\"https:\/\/eprotect-project.eu\/wp-content\/uploads\/2021\/07\/NationalReport_Greece_final.pdf\">Greece Report<\/a>\n    <\/li>\n<li>\n        <a href=\"https:\/\/eprotect-project.eu\/wp-content\/uploads\/2021\/07\/e-protect_National-Report_France.pdf\">France Report<\/a>\n    <\/li>\n<li>\n        <a href=\"https:\/\/eprotect-project.eu\/wp-content\/uploads\/2021\/07\/e-Protect_IO1-Desk-research_CH.pdf\">Switzerland Report<\/a>\n    <\/li>\n<\/ul>\n<p>\n    <a href=\"https:\/\/eprotect-project.eu\/wp-content\/uploads\/2021\/07\/e-protect_\u0399\u039f1.\u03911.-Desk-research_Transnational-Report.pdf\">Transnational Report<\/a>\n<\/p>\n<h2>MAT\u00c9RIEL DE DISS\u00c9MINATION<\/h2>\n<p><img decoding=\"async\" src=\"\/wp-content\/uploads\/2021\/04\/e_protect_promotional_material_lne-14-2.png\" alt=\"\"><\/p>\n<div>\n<p>Dans le cadre de la diss\u00e9mination du projet, vous pouvez t\u00e9l\u00e9charger ici le d\u00e9pliant contenant les principales informations du projet et le diffuser \u00e0 vos r\u00e9seaux et aux parties int\u00e9ress\u00e9es !<\/p>\n<\/div>\n<p>\n    <a href=\"\/wp-content\/uploads\/2021\/04\/e_protect_flyer_23032021_FR.pdf\">T\u00e9l\u00e9charger le flyer<\/a>\n<\/p>\n<p><!-- {\"name\":\"RESOURCES FINAL\",\"type\":\"layout\",\"children\":[{\"type\":\"section\",\"props\":{\"style\":\"default\",\"width\":\"default\",\"vertical_align\":\"middle\",\"title_position\":\"top-left\",\"title_rotation\":\"left\",\"title_breakpoint\":\"xl\",\"image_position\":\"center-center\",\"padding_remove_top\":true},\"children\":[{\"type\":\"row\",\"children\":[{\"type\":\"column\",\"props\":{\"image_position\":\"center-center\",\"media_overlay_gradient\":\"\"},\"children\":[{\"type\":\"headline\",\"props\":{\"title_element\":\"h2\",\"content\":\"<strong>Ressources<\\\/strong>\",\"title_color\":\"secondary\",\"title_style\":\"h3\"}}]}]},{\"type\":\"row\",\"props\":{\"layout\":\"1-3,2-3\"},\"children\":[{\"type\":\"column\",\"props\":{\"image_position\":\"center-center\",\"media_overlay_gradient\":\"\",\"width_medium\":\"1-3\"},\"children\":[{\"type\":\"image\",\"props\":{\"margin\":\"default\",\"image_svg_color\":\"emphasis\",\"image\":\"wp-content\\\/uploads\\\/2021\\\/02\\\/Group-1101.png\",\"class\":\"el-image-mobile  el-image-minus15\",\"text_align\":\"center\",\"maxwidth\":\"xlarge\",\"block_align\":\"center\"}}]},{\"type\":\"column\",\"props\":{\"image_position\":\"center-center\",\"media_overlay_gradient\":\"\",\"width_medium\":\"2-3\",\"vertical_align\":\"middle\"},\"children\":[{\"type\":\"text\",\"props\":{\"margin\":\"default\",\"column_breakpoint\":\"m\",\"content\":\"\n\n<p>\\nAu fur et \\u00e0 mesure de l'avancement du projet, vous pourrez trouver ici le cadre de comp\\u00e9tences pour la protection des consommateurs et des donn\\u00e9es personnelles en ligne, la bo\\u00eete \\u00e0 outils de formation des formateurs, ainsi que d'autres documents utiles produits tout au long du projet.\\n\\n<\\\/p>\",\"css\":\".el-element{\\ncolor:#333;\\n}\"}}]}]}]},{\"type\":\"section\",\"props\":{\"style\":\"default\",\"width\":\"default\",\"vertical_align\":\"middle\",\"title_position\":\"top-left\",\"title_rotation\":\"left\",\"title_breakpoint\":\"xl\",\"image_position\":\"center-center\"},\"children\":[{\"type\":\"row\",\"props\":{\"layout\":\"1-3,2-3\"},\"children\":[{\"type\":\"column\",\"props\":{\"image_position\":\"center-center\",\"media_overlay_gradient\":\"\",\"width_medium\":\"1-3\"},\"children\":[{\"type\":\"headline\",\"props\":{\"title_element\":\"h2\",\"text_align\":\"center\",\"content\":\"\\u00c9CHELLE DE COMP\\u00c9TENCES\",\"maxwidth\":\"medium\",\"block_align\":\"center\",\"title_style\":\"h2\",\"margin_remove_top\":true,\"margin_remove_bottom\":true,\"class\":\"resources-p\",\"css\":\".el-element{background-color: #fff;\\ncolor: #F4A362;\\nborder: 1px solid #F4A362;\\nborder-radius: 30px;\\n\\npadding-top: 7px;\\npadding-bottom: 7px;\\nfont-size: 21px;\\nposition: relative;\\nmargin-bottom: -43px !important;\\ntransition: all 1s ease-out;\\ntransition-delay: 0.5s;}\"},\"modified\":\"2021-04-05T07:42:01.830Z\",\"name\":\"header-collide\"},{\"type\":\"image\",\"props\":{\"margin\":\"default\",\"image_svg_color\":\"emphasis\",\"image\":\"wp-content\\\/uploads\\\/2021\\\/04\\\/Group-1172.png\",\"maxwidth\":\"large\",\"block_align\":\"center\",\"text_align\":\"center\",\"css\":\".el-element{\\n\\n \\n   \\n}\",\"class\":\" el-image-minus15\"},\"modified\":\"2021-04-05T07:42:16.844Z\",\"name\":\"image-collide\"}]},{\"type\":\"column\",\"props\":{\"image_position\":\"center-center\",\"media_overlay_gradient\":\"\",\"width_medium\":\"2-3\",\"vertical_align\":\"middle\"},\"children\":[{\"type\":\"text\",\"props\":{\"margin\":\"default\",\"column_breakpoint\":\"m\",\"content\":\"\n\n<p>L'\\u00e9chelle de comp\\u00e9tences  en mati\\u00e8re de protection des consommateurs et des donn\\u00e9es personnelles des seniors est un outil utile tant pour les seniors que pour les professionnels qui travaillent avec eux. Elle donne une vision claire des comp\\u00e9tences et des besoins de formation des seniors concernant la protection des donn\\u00e9es et la s\\u00e9curit\\u00e9 sur Internet. Elle peut \\u00e9galement \\u00eatre utilis\\u00e9e comme un moyen pratique de mesurer la ma\\u00eetise qu\\u2019ont les seniors de ces comp\\u00e9tences.<\\\/p>\",\"css\":\".el-element{\\ncolor:#333;\\n}\"}},{\"type\":\"button\",\"props\":{\"grid_column_gap\":\"small\",\"grid_row_gap\":\"small\",\"margin\":\"default\"},\"children\":[{\"type\":\"button_item\",\"props\":{\"button_style\":\"secondary\",\"icon_align\":\"left\",\"content\":\"En savoir plus\",\"link\":\"https:\\\/\\\/eprotect-project.eu\\\/fr\\\/ressources\\\/competency-scale\\\/\"}}]}]}]}]},{\"type\":\"section\",\"props\":{\"style\":\"default\",\"width\":\"default\",\"vertical_align\":\"middle\",\"title_position\":\"top-left\",\"title_rotation\":\"left\",\"title_breakpoint\":\"xl\",\"image_position\":\"center-center\"},\"children\":[{\"type\":\"row\",\"props\":{\"layout\":\"1-3,2-3\"},\"children\":[{\"type\":\"column\",\"props\":{\"image_position\":\"center-center\",\"media_overlay_gradient\":\"\",\"width_medium\":\"1-3\"},\"children\":[{\"type\":\"headline\",\"props\":{\"title_element\":\"h2\",\"text_align\":\"center\",\"content\":\"KIT DE FORMATION DES FORMATEURS\",\"maxwidth\":\"medium\",\"block_align\":\"center\",\"title_style\":\"h2\",\"margin_remove_top\":true,\"margin_remove_bottom\":true,\"class\":\"resources-p\",\"css\":\".el-element{background-color: #fff;\\ncolor: #F4A362;\\nborder: 1px solid #F4A362;\\nborder-radius: 30px;\\n\\npadding-top: 7px;\\npadding-bottom: 7px;\\nfont-size: 21px;\\nposition: relative;\\nmargin-bottom: -43px !important;\\ntransition: all 1s ease-out;\\ntransition-delay: 0.5s;}\"},\"modified\":\"2021-04-05T07:42:01.830Z\",\"name\":\"header-collide\"},{\"type\":\"image\",\"props\":{\"margin\":\"default\",\"image_svg_color\":\"emphasis\",\"image\":\"wp-content\\\/uploads\\\/2021\\\/04\\\/Group-1173.png\",\"maxwidth\":\"large\",\"block_align\":\"center\",\"text_align\":\"center\",\"css\":\".el-element{\\n\\n \\n   \\n}\",\"class\":\" el-image-minus15\"},\"modified\":\"2021-04-05T07:42:16.844Z\",\"name\":\"image-collide\"}]},{\"type\":\"column\",\"props\":{\"image_position\":\"center-center\",\"media_overlay_gradient\":\"\",\"width_medium\":\"2-3\",\"vertical_align\":\"middle\"},\"children\":[{\"type\":\"text\",\"props\":{\"margin\":\"default\",\"column_breakpoint\":\"m\",\"content\":\"\n\n<p>La bo\\u00eete \\u00e0 outils e-Protect pour la formation des formateurs renforce les capacit\\u00e9s des formateurs et favorise la mise en \\u0153uvre de ce programme de formation novateur destin\\u00e9 aux seniors. Elle fournit des connaissances cl\\u00e9s,  une compr\\u00e9hension des programmes, des instructions sur la fa\\u00e7on de pr\\u00e9parer le programme de formation, du mat\\u00e9riel p\\u00e9dagogique, ainsi que des conseils et des astuces sur la relation entre le formateur et les participants seniors.<\\\/p>\",\"css\":\".el-element{\\ncolor:#333;\\n}\"}},{\"type\":\"button\",\"props\":{\"grid_column_gap\":\"small\",\"grid_row_gap\":\"small\",\"margin\":\"default\"},\"children\":[{\"type\":\"button_item\",\"props\":{\"button_style\":\"secondary\",\"icon_align\":\"left\",\"content\":\"En savoir plus\",\"link\":\"https:\\\/\\\/eprotect-project.eu\\\/wp-content\\\/uploads\\\/2022\\\/09\\\/e-protect_Toolkit-FR-entier4.pdf\"}}]}]}]}]},{\"type\":\"section\",\"props\":{\"style\":\"default\",\"width\":\"default\",\"vertical_align\":\"middle\",\"title_position\":\"top-left\",\"title_rotation\":\"left\",\"title_breakpoint\":\"xl\",\"image_position\":\"center-center\"},\"children\":[{\"type\":\"row\",\"props\":{\"layout\":\"1-3,2-3\"},\"children\":[{\"type\":\"column\",\"props\":{\"image_position\":\"center-center\",\"media_overlay_gradient\":\"\",\"width_medium\":\"1-3\"},\"children\":[{\"type\":\"headline\",\"props\":{\"title_element\":\"h2\",\"text_align\":\"center\",\"content\":\"MAT\\u00c9RIEL SUPPL\\u00c9MENTAIRE\",\"maxwidth\":\"medium\",\"block_align\":\"center\",\"title_style\":\"h2\",\"margin_remove_top\":true,\"margin_remove_bottom\":true,\"class\":\"resources-p\",\"css\":\".el-element{background-color: #fff;\\ncolor: #F4A362;\\nborder: 1px solid #F4A362;\\nborder-radius: 30px;\\n\\npadding-top: 7px;\\npadding-bottom: 7px;\\nfont-size: 21px;\\nposition: relative;\\nmargin-bottom: -43px !important;\\ntransition: all 1s ease-out;\\ntransition-delay: 0.5s;}\"},\"modified\":\"2021-04-05T07:42:01.830Z\",\"name\":\"header-collide\"},{\"type\":\"image\",\"props\":{\"margin\":\"default\",\"image_svg_color\":\"emphasis\",\"image\":\"wp-content\\\/uploads\\\/2021\\\/04\\\/Group-1174.png\",\"maxwidth\":\"large\",\"block_align\":\"center\",\"text_align\":\"center\",\"css\":\".el-element{\\n\\n \\n   \\n}\",\"class\":\" el-image-minus15\"},\"modified\":\"2021-04-05T07:42:16.844Z\",\"name\":\"image-collide\"}]},{\"type\":\"column\",\"props\":{\"image_position\":\"center-center\",\"media_overlay_gradient\":\"\",\"width_medium\":\"2-3\",\"vertical_align\":\"middle\"},\"children\":[{\"type\":\"text\",\"props\":{\"margin\":\"default\",\"column_breakpoint\":\"m\",\"content\":\"\n\n<p>Des documents pertinents concernant la protection des consommateurs et des donn\\u00e9es personnelles  des seniors en ligne et divers rapports sur la mise en \\u0153uvre du projet peuvent \\u00eatre trouv\\u00e9s ici.<\\\/p>\",\"css\":\".el-element{\\ncolor:#333;\\n}\"}},{\"type\":\"button\",\"props\":{\"grid_column_gap\":\"small\",\"grid_row_gap\":\"small\",\"margin\":\"default\",\"css\":\".el-content{padding-left:10px;padding-right:10px;}\",\"text_align\":\"center\"},\"children\":[{\"type\":\"button_item\",\"props\":{\"button_style\":\"secondary\",\"icon_align\":\"left\",\"content\":\"Austria Report\",\"link\":\"https:\\\/\\\/eprotect-project.eu\\\/wp-content\\\/uploads\\\/2021\\\/07\\\/e-protect_Desk-Research_AT.pdf\",\"link_target\":\"blank\"}},{\"type\":\"button_item\",\"props\":{\"button_style\":\"secondary\",\"icon_align\":\"left\",\"content\":\"Cyprus Report\",\"link\":\"https:\\\/\\\/eprotect-project.eu\\\/wp-content\\\/uploads\\\/2021\\\/07\\\/e-protect_Desk-Research_CY1.pdf\",\"link_target\":\"blank\"}},{\"type\":\"button_item\",\"props\":{\"button_style\":\"secondary\",\"icon_align\":\"left\",\"content\":\"Greece Report\",\"link\":\"https:\\\/\\\/eprotect-project.eu\\\/wp-content\\\/uploads\\\/2021\\\/07\\\/NationalReport_Greece_final.pdf\",\"link_target\":\"blank\"}},{\"type\":\"button_item\",\"props\":{\"button_style\":\"secondary\",\"icon_align\":\"left\",\"content\":\"France Report\",\"link\":\"https:\\\/\\\/eprotect-project.eu\\\/wp-content\\\/uploads\\\/2021\\\/07\\\/e-protect_National-Report_France.pdf\",\"link_target\":\"blank\"}},{\"type\":\"button_item\",\"props\":{\"button_style\":\"secondary\",\"icon_align\":\"left\",\"content\":\"Switzerland Report\",\"link\":\"https:\\\/\\\/eprotect-project.eu\\\/wp-content\\\/uploads\\\/2021\\\/07\\\/e-Protect_IO1-Desk-research_CH.pdf\",\"link_target\":\"blank\"}}],\"modified\":\"2021-07-27T09:58:52.642Z\",\"name\":\"btn1\"},{\"type\":\"button\",\"props\":{\"grid_column_gap\":\"small\",\"grid_row_gap\":\"small\",\"margin\":\"default\",\"fullwidth\":true,\"css\":\".uk-button-secondary {\\nbackground-color: #26A380 !important;\\ncolor:#fff !important;}\\n\\n.uk-button-secondary:hover {\\nbackground-color: #F4A362 !important;\\n    border-color:#F4A362 !important;\\ncolor:#fff !important;}\"},\"children\":[{\"type\":\"button_item\",\"props\":{\"button_style\":\"secondary\",\"icon_align\":\"left\",\"content\":\"Transnational Report\",\"link\":\"https:\\\/\\\/eprotect-project.eu\\\/wp-content\\\/uploads\\\/2021\\\/07\\\/e-protect_\\u0399\\u039f1.\\u03911.-Desk-research_Transnational-Report.pdf\",\"link_target\":\"blank\"}}],\"modified\":\"2021-07-27T09:58:56.977Z\",\"name\":\"btn2\"}]}]}]},{\"type\":\"section\",\"props\":{\"style\":\"default\",\"width\":\"default\",\"vertical_align\":\"middle\",\"title_position\":\"top-left\",\"title_rotation\":\"left\",\"title_breakpoint\":\"xl\",\"image_position\":\"center-center\"},\"children\":[{\"type\":\"row\",\"props\":{\"layout\":\"1-3,2-3\"},\"children\":[{\"type\":\"column\",\"props\":{\"image_position\":\"center-center\",\"media_overlay_gradient\":\"\",\"width_medium\":\"1-3\"},\"children\":[{\"type\":\"headline\",\"props\":{\"title_element\":\"h2\",\"text_align\":\"center\",\"content\":\"MAT\\u00c9RIEL DE DISS\\u00c9MINATION\",\"maxwidth\":\"medium\",\"block_align\":\"center\",\"title_style\":\"h2\",\"margin_remove_top\":true,\"margin_remove_bottom\":true,\"class\":\"resources-p\",\"css\":\".el-element{background-color: #fff;\\ncolor: #F4A362;\\nborder: 1px solid #F4A362;\\nborder-radius: 30px;\\n\\npadding-top: 7px;\\npadding-bottom: 7px;\\nfont-size: 21px;\\nposition: relative;\\nmargin-bottom: -43px !important;\\ntransition: all 1s ease-out;\\ntransition-delay: 0.5s;}\"},\"modified\":\"2021-04-05T07:42:01.830Z\",\"name\":\"header-collide\"},{\"type\":\"image\",\"props\":{\"margin\":\"default\",\"image_svg_color\":\"emphasis\",\"image\":\"wp-content\\\/uploads\\\/2021\\\/04\\\/e_protect_promotional_material_lne-14-2.png\",\"maxwidth\":\"large\",\"block_align\":\"center\",\"text_align\":\"center\",\"css\":\".el-element{\\n\\n \\n   \\n}\",\"class\":\" el-image-minus15\"},\"modified\":\"2021-04-05T07:42:16.844Z\",\"name\":\"image-collide\"}]},{\"type\":\"column\",\"props\":{\"image_position\":\"center-center\",\"media_overlay_gradient\":\"\",\"width_medium\":\"2-3\",\"vertical_align\":\"middle\"},\"children\":[{\"type\":\"text\",\"props\":{\"margin\":\"default\",\"column_breakpoint\":\"m\",\"content\":\"\n\n<p>Dans le cadre de la diss\\u00e9mination du projet, vous pouvez t\\u00e9l\\u00e9charger ici le d\\u00e9pliant contenant les principales informations du projet et le diffuser \\u00e0 vos r\\u00e9seaux et aux parties int\\u00e9ress\\u00e9es !<\\\/p>\",\"css\":\".el-element{\\ncolor:#333;\\n}\"}},{\"type\":\"button\",\"props\":{\"grid_column_gap\":\"small\",\"grid_row_gap\":\"small\",\"margin\":\"default\"},\"children\":[{\"type\":\"button_item\",\"props\":{\"button_style\":\"secondary\",\"icon_align\":\"left\",\"content\":\"T\\u00e9l\\u00e9charger le flyer\",\"link\":\"wp-content\\\/uploads\\\/2021\\\/04\\\/e_protect_flyer_23032021_FR.pdf\",\"link_target\":\"blank\"}}]}]}]}],\"modified\":\"2021-04-15T09:12:20.706Z\",\"name\":\"promo section\"}],\"version\":\"2.3.31\"} --><\/p>\n","protected":false},"excerpt":{"rendered":"<p>Ressources Au fur et \u00e0 mesure de l&rsquo;avancement du projet, vous pourrez trouver ici le cadre de comp\u00e9tences pour la&#8230;<\/p>\n","protected":false},"author":3,"featured_media":0,"parent":0,"menu_order":0,"comment_status":"closed","ping_status":"closed","template":"","meta":{"_acf_changed":false,"footnotes":""},"class_list":["post-898","page","type-page","status-publish","hentry"],"acf":[],"_links":{"self":[{"href":"https:\/\/eprotect-project.eu\/fr\/wp-json\/wp\/v2\/pages\/898","targetHints":{"allow":["GET"]}}],"collection":[{"href":"https:\/\/eprotect-project.eu\/fr\/wp-json\/wp\/v2\/pages"}],"about":[{"href":"https:\/\/eprotect-project.eu\/fr\/wp-json\/wp\/v2\/types\/page"}],"author":[{"embeddable":true,"href":"https:\/\/eprotect-project.eu\/fr\/wp-json\/wp\/v2\/users\/3"}],"replies":[{"embeddable":true,"href":"https:\/\/eprotect-project.eu\/fr\/wp-json\/wp\/v2\/comments?post=898"}],"version-history":[{"count":17,"href":"https:\/\/eprotect-project.eu\/fr\/wp-json\/wp\/v2\/pages\/898\/revisions"}],"predecessor-version":[{"id":2400,"href":"https:\/\/eprotect-project.eu\/fr\/wp-json\/wp\/v2\/pages\/898\/revisions\/2400"}],"wp:attachment":[{"href":"https:\/\/eprotect-project.eu\/fr\/wp-json\/wp\/v2\/media?parent=898"}],"curies":[{"name":"wp","href":"https:\/\/api.w.org\/{rel}","templated":true}]}}