{"id":904,"date":"2021-04-05T08:40:28","date_gmt":"2021-04-05T08:40:28","guid":{"rendered":"https:\/\/eprotect-project.eu\/?page_id=904"},"modified":"2021-04-05T12:33:33","modified_gmt":"2021-04-05T12:33:33","slug":"a-propos","status":"publish","type":"page","link":"https:\/\/eprotect-project.eu\/fr\/a-propos\/","title":{"rendered":"\u00c0 PROPOS"},"content":{"rendered":"<div>\n<p>    <a class=\"tab-1\"><\/p>\n<div class=\"active-tababout about-tabs tab11\">\n<div class=\"my-h3 rounded-p uk-margin-remove-top uk-margin-remove-bottom uk-width-small uk-margin-auto uk-text-center\">\u00c0 PROPOS DU PROJET<\/div>\n<div class=\"divimage uk-margin uk-width-large uk-margin-auto uk-text-center\">\n        <img data-src=\"\/wp-content\/uploads\/2021\/02\/search-new.png\" width=\"124px\" height=\"124px\" alt=\"Search Tab\" uk-img>\n<\/div>\n<\/div>\n<p><\/a>\n<\/div>\n<div>\n<p>    <a class=\"tab-2\"><\/p>\n<div class=\"about-tabs tab22\">\n<div class=\"my-h3 rounded-p ul-margin-remove-top uk-margin-remove-bottom uk-width-small uk-margin-auto uk-text-center\">OBJECTIFS<\/div>\n<div class=\"divimage uk-margin uk-width-large uk-margin-auto uk-text-center\">\n        <img data-src=\"\/wp-content\/uploads\/2021\/02\/aim-new.png\" width=\"124px\" height=\"124px\" alt=\"Search Tab\" uk-img>\n<\/div>\n<\/div>\n<p><\/a>\n<\/div>\n<div>\n<p>    <a class=\"tab-3\"><\/p>\n<div class=\"about-tabs tab33\">\n<div class=\"my-h3 rounded-p uk-margin-remove-top uk-margin-remove-bottom uk-width-small uk-margin-auto uk-text-center\">ACTIVIT\u00c9S<\/div>\n<div class=\"divimage uk-margin uk-width-large uk-margin-auto uk-text-center\">\n        <img data-src=\"\/wp-content\/uploads\/2021\/02\/tasks-new.png\" width=\"124px\" height=\"124px\" alt=\"Search Tab\" uk-img>\n<\/div>\n<\/div>\n<p><\/a>\n<\/div>\n<div>\n<p>    <a class=\"tab-4\"><\/p>\n<div class=\"about-tabs tab44\">\n<div class=\"my-h3 rounded-p uk-margin-remove-top uk-margin-remove-bottom uk-width-small uk-margin-auto uk-text-center\">PARTENAIRES<\/div>\n<div class=\"divimage uk-margin uk-width-large uk-margin-auto uk-text-center\">\n        <img data-src=\"\/wp-content\/uploads\/2021\/02\/tools-new.png\" width=\"124px\" height=\"124px\" alt=\"Search Tab\" uk-img>\n<\/div>\n<\/div>\n<p><\/a>\n<\/div>\n<h2>\u00c0 PROPOS DU PROJET<\/h2>\n<h2>OBJECTIFS<\/h2>\n<h2>ACTIVIT\u00c9S<\/h2>\n<h2>PARTENAIRES<\/h2>\n<hr>\n<div>\n<p>La transformation num\u00e9rique des services publics de protection sociale, qui refl\u00e8te un large \u00e9ventail de tendances et d&rsquo;\u00e9volutions, devient un objectif cl\u00e9 dans tous les \u00c9tats membres de l&rsquo;UE. Alors que les comp\u00e9tences num\u00e9riques sont consid\u00e9r\u00e9es comme des comp\u00e9tences cl\u00e9s pour l&rsquo;apprentissage tout au long de la vie et que l&rsquo;utilisation des nouvelles technologies  est en constante augmentation, certains seniors souhaitent se familiariser avec les TIC. La protection des consommateurs et des donn\u00e9es personnelles des seniors pendant leur activit\u00e9 en ligne est une pr\u00e9occupation g\u00e9n\u00e9rale, ind\u00e9pendamment de leur nationalit\u00e9 ou de leur lieu de r\u00e9sidence.<\/p>\n<p>Il existe un besoin important de former les citoyens europ\u00e9ens et les seniors sur la mani\u00e8re d&rsquo;acc\u00e9der et de s&rsquo;engager dans des activit\u00e9s en ligne en b\u00e9n\u00e9ficiant d&rsquo;un niveau \u00e9lev\u00e9 de protection, que ce soit au niveau des droits des consommateurs et des donn\u00e9es personnelles. C&rsquo;est pourquoi le projet e-Protect vise \u00e0 r\u00e9pondre aux besoins des seniors en mati\u00e8re de protection et de s\u00e9curit\u00e9 en ligne en les familiarisant avec l&rsquo;utilisation des outils TIC et en leur offrant des possibilit\u00e9s de formation adapt\u00e9es qui permettront de relever ces d\u00e9fis.\n<\/p>\n<\/div>\n<ul>\n<li>\n<p>        <img decoding=\"async\" src=\"\/wp-content\/uploads\/2021\/02\/Group-1028.png\" alt=\"\"><\/p>\n<div>R\u00e9pondre aux besoins des seniors en mati\u00e8re de protection des consommateurs et des donn\u00e9es personnelles en ligne en les familiarisant avec l&rsquo;utilisation des outils TIC et en leur offrant des possibilit\u00e9s de formation adapt\u00e9es.<\/div>\n<\/li>\n<li>\n<p>        <img decoding=\"async\" src=\"\/wp-content\/uploads\/2021\/02\/2.png\" alt=\"\"><\/p>\n<div>\n<p>Renforcer la professionalisation et les comp\u00e9tences des \u00e9ducateurs d&rsquo;adultes en mati\u00e8re de formation des seniors \u00e0 la protection des consommateurs et des donn\u00e9es personnelles en ligne.\n<\/p>\n<\/div>\n<\/li>\n<li>\n<p>        <img decoding=\"async\" src=\"\/wp-content\/uploads\/2021\/02\/3.png\" alt=\"\"><\/p>\n<div>\n<p>Am\u00e9liorer la qualit\u00e9 globale de l&rsquo;\u00e9ducation des adultes et plus particuli\u00e8rement des seniors dans les pays participants en s&rsquo;appuyant sur la recherche \u00e9ducative, cognitive et technologique.\n<\/p>\n<\/div>\n<\/li>\n<li>\n<p>        <img decoding=\"async\" src=\"\/wp-content\/uploads\/2021\/02\/4.png\" alt=\"\"><\/p>\n<div>\n<p>Renforcer les pratiques \u00e9ducatives et r\u00e9duire les in\u00e9galit\u00e9s dans l&rsquo;acc\u00e8s des seniors aux services d&rsquo;\u00e9ducation.\n<\/p>\n<\/div>\n<\/li>\n<\/ul>\n<ul>\n<li>\n<p>        <img decoding=\"async\" src=\"\/wp-content\/uploads\/2021\/02\/raise.png\" alt=\"\"><\/p>\n<div>\n<p>L&rsquo;\u00e9chelle de comp\u00e9tences pour mesurer les connaissances des seniors en mati\u00e8re de protection des consommateurs et des donn\u00e9es personnelles.\n<\/p>\n<\/div>\n<\/li>\n<li>\n<p>        <img decoding=\"async\" src=\"\/wp-content\/uploads\/2021\/02\/checklist.png\" alt=\"\"><\/p>\n<div>\n<p>Le programme d&rsquo;\u00e9tudes e-Protect pour la s\u00e9curit\u00e9 sur Internet avec des sp\u00e9cifications sur les r\u00e9sultats d&rsquo;apprentissage et l&rsquo;utilit\u00e9 de chaque comp\u00e9tence.\n<\/p>\n<\/div>\n<\/li>\n<li>\n<p>        <img decoding=\"async\" src=\"\/wp-content\/uploads\/2021\/02\/remote.png\" alt=\"\"><\/p>\n<div>\n<p>La bo\u00eete \u00e0 outils e-Protect pour la formation des formateurs en mati\u00e8re de s\u00e9curit\u00e9 sur Internet, destin\u00e9e \u00e0 renforcer les capacit\u00e9s des formateurs d&rsquo;adultes pour la mise en \u0153uvre de ce programme de formation novateur destin\u00e9 aux seniors.\n<\/p>\n<\/div>\n<\/li>\n<li>\n<p>        <img decoding=\"async\" src=\"\/wp-content\/uploads\/2021\/02\/elearn.png\" alt=\"\"><\/p>\n<div>\n<p>L&rsquo;espace d\u2019apprentissage en ligne qui regroupe les ressources d&rsquo;apprentissage pour rendre tous les outils du projet largement accessibles.\n<\/p>\n<\/div>\n<\/li>\n<\/ul>\n<div>\n<p>[widgetkit id=\u00a0\u00bb32&Prime;]<\/p>\n<\/div>\n<div>\n<p>    <a href=\"#\" class=\"anchor-active anchor-links anchor1\">\u00c0 PROPOS DU PROJET<\/a><br \/>\n<a href=\"#\" class=\"anchor-links anchor2\">OBJECTIFS<\/a><br \/>\n<a href=\"#\" class=\"anchor-links anchor3\">ACTIVIT\u00c9S<\/a><br \/>\n<a class=\"anchor-links anchor4\" href=\"#msection4\" uk-scroll>PARTENAIRES<\/a>\n<\/div>\n<h2>\u00c0 PROPOS DU PROJET<\/h2>\n<hr>\n<div>\n<p>La transformation num\u00e9rique des services publics de protection sociale, qui refl\u00e8te un large \u00e9ventail de tendances et d&rsquo;\u00e9volutions, devient un objectif cl\u00e9 dans tous les \u00c9tats membres de l&rsquo;UE. Alors que les comp\u00e9tences num\u00e9riques sont consid\u00e9r\u00e9es comme des comp\u00e9tences cl\u00e9s pour l&rsquo;apprentissage tout au long de la vie et que l&rsquo;utilisation des nouvelles technologies  est en constante augmentation, certains seniors souhaitent se familiariser avec les TIC. La protection des consommateurs et des donn\u00e9es personnelles des seniors pendant leur activit\u00e9 en ligne est une pr\u00e9occupation g\u00e9n\u00e9rale, ind\u00e9pendamment de leur nationalit\u00e9 ou de leur lieu de r\u00e9sidence.<\/p>\n<p>Il existe un besoin important de former les citoyens europ\u00e9ens et les seniors sur la mani\u00e8re d&rsquo;acc\u00e9der et de s&rsquo;engager dans des activit\u00e9s en ligne en b\u00e9n\u00e9ficiant d&rsquo;un niveau \u00e9lev\u00e9 de protection, que ce soit au niveau des droits des consommateurs et des donn\u00e9es personnelles. C&rsquo;est pourquoi le projet e-Protect vise \u00e0 r\u00e9pondre aux besoins des seniors en mati\u00e8re de protection et de s\u00e9curit\u00e9 en ligne en les familiarisant avec l&rsquo;utilisation des outils TIC et en leur offrant des possibilit\u00e9s de formation adapt\u00e9es qui permettront de relever ces d\u00e9fis.\n<\/p>\n<\/div>\n<h2>OBJECTIFS<\/h2>\n<hr>\n<ul>\n<li>\n<p>        <img decoding=\"async\" src=\"\/wp-content\/uploads\/2021\/02\/Group-1028.png\" alt=\"\"><\/p>\n<div>\n<p>R\u00e9pondre aux besoins des seniors en mati\u00e8re de protection des consommateurs et des donn\u00e9es personnelles en ligne en les familiarisant avec l&rsquo;utilisation des outils TIC et en leur offrant des possibilit\u00e9s de formation adapt\u00e9es.\n<\/p>\n<\/div>\n<\/li>\n<li>\n<p>        <img decoding=\"async\" src=\"\/wp-content\/uploads\/2021\/02\/2.png\" alt=\"\"><\/p>\n<div>\n<p>Renforcer la professionalisation et les comp\u00e9tences des \u00e9ducateurs d&rsquo;adultes en mati\u00e8re de formation des seniors \u00e0 la protection des consommateurs et des donn\u00e9es personnelles en ligne.<\/p>\n<\/div>\n<\/li>\n<li>\n<p>        <img decoding=\"async\" src=\"\/wp-content\/uploads\/2021\/02\/3.png\" alt=\"\"><\/p>\n<div>\n<p>Am\u00e9liorer la qualit\u00e9 globale de l&rsquo;\u00e9ducation des adultes et plus particuli\u00e8rement des seniors dans les pays participants en s&rsquo;appuyant sur la recherche \u00e9ducative, cognitive et technologique.<\/p>\n<\/div>\n<\/li>\n<li>\n<p>        <img decoding=\"async\" src=\"\/wp-content\/uploads\/2021\/02\/4.png\" alt=\"\"><\/p>\n<div>\n<p>Renforcer les pratiques \u00e9ducatives et r\u00e9duire les in\u00e9galit\u00e9s dans l&rsquo;acc\u00e8s des seniors aux services d&rsquo;\u00e9ducation.<\/p>\n<\/div>\n<\/li>\n<\/ul>\n<h2>ACTIVIT\u00c9S<\/h2>\n<hr>\n<ul>\n<li>\n<p>        <img decoding=\"async\" src=\"\/wp-content\/uploads\/2021\/02\/raise.png\" alt=\"\"><\/p>\n<div>\n<p>L&rsquo;\u00e9chelle de comp\u00e9tences pour mesurer les connaissances des seniors en mati\u00e8re de protection des consommateurs et des donn\u00e9es personnelles. <\/p>\n<\/div>\n<\/li>\n<li>\n<p>        <img decoding=\"async\" src=\"\/wp-content\/uploads\/2021\/02\/checklist.png\" alt=\"\"><\/p>\n<div>\n<p>Le programme d&rsquo;\u00e9tudes e-Protect pour la s\u00e9curit\u00e9 sur Internet avec des sp\u00e9cifications sur les r\u00e9sultats d&rsquo;apprentissage et l&rsquo;utilit\u00e9 de chaque comp\u00e9tence.<\/p>\n<\/div>\n<\/li>\n<li>\n<p>        <img decoding=\"async\" src=\"\/wp-content\/uploads\/2021\/02\/remote.png\" alt=\"\"><\/p>\n<div>\n<p>La bo\u00eete \u00e0 outils e-Protect pour la formation des formateurs en mati\u00e8re de s\u00e9curit\u00e9 sur Internet, destin\u00e9e \u00e0 renforcer les capacit\u00e9s des formateurs d&rsquo;adultes pour la mise en \u0153uvre de ce programme de formation novateur destin\u00e9 aux seniors.<\/p>\n<\/div>\n<\/li>\n<li>\n<p>        <img decoding=\"async\" src=\"\/wp-content\/uploads\/2021\/02\/elearn.png\" alt=\"\"><\/p>\n<div>\n<p>L&rsquo;espace d\u2019apprentissage en ligne qui regroupe les ressources d&rsquo;apprentissage pour rendre tous les outils du projet largement accessibles.<\/p>\n<\/div>\n<\/li>\n<\/ul>\n<h2>PARTENAIRES<\/h2>\n<hr>\n<div>\n<p>[widgetkit id=\u00a0\u00bb32&Prime;]<\/p>\n<\/div>\n<p><!-- {\"name\":\"About Final\",\"type\":\"layout\",\"children\":[{\"type\":\"section\",\"props\":{\"style\":\"default\",\"width\":\"default\",\"vertical_align\":\"middle\",\"title_position\":\"top-left\",\"title_rotation\":\"left\",\"title_breakpoint\":\"xl\",\"image_position\":\"center-center\",\"padding_remove_top\":true,\"padding_remove_bottom\":true,\"css\":\"@media only screen and (max-width: 480px) {\\n    .el-section{display:none;}\\n    \\n}\",\"class\":\"\"},\"children\":[{\"type\":\"row\",\"children\":[{\"type\":\"column\",\"props\":{\"image_position\":\"center-center\",\"media_overlay_gradient\":\"\",\"width_medium\":\"1-4\",\"width_small\":\"1-2\"},\"children\":[{\"type\":\"html\",\"props\":{\"content\":\"<a class=\\\"tab-1\\\">\\n\n\n<div class=\\\"active-tababout about-tabs tab11\\\">\\n\n\n<div class=\\\"my-h3 rounded-p uk-margin-remove-top uk-margin-remove-bottom uk-width-small uk-margin-auto uk-text-center\\\">\\u00c0 PROPOS DU PROJET<\\\/div>\\n\n\n<div class=\\\"divimage uk-margin uk-width-large uk-margin-auto uk-text-center\\\">\\n        <img data-src=\\\"\\\/wp-content\\\/uploads\\\/2021\\\/02\\\/search-new.png\\\" width=\\\"124px\\\" height=\\\"124px\\\" alt=\\\"Search Tab\\\" uk-img>\\n<\\\/div>\\n\\n            \\n<\\\/div> \\n    \\n<\\\/a>\"}}]},{\"type\":\"column\",\"props\":{\"image_position\":\"center-center\",\"media_overlay_gradient\":\"\",\"width_medium\":\"1-4\",\"width_small\":\"1-2\"},\"children\":[{\"type\":\"html\",\"props\":{\"content\":\"<a class=\\\"tab-2\\\">\\n\n\n<div class=\\\"about-tabs tab22\\\">\\n\n\n<div class=\\\"my-h3 rounded-p ul-margin-remove-top uk-margin-remove-bottom uk-width-small uk-margin-auto uk-text-center\\\">OBJECTIFS<\\\/div>\\n\n\n<div class=\\\"divimage uk-margin uk-width-large uk-margin-auto uk-text-center\\\">\\n        <img data-src=\\\"\\\/wp-content\\\/uploads\\\/2021\\\/02\\\/aim-new.png\\\" width=\\\"124px\\\" height=\\\"124px\\\" alt=\\\"Search Tab\\\" uk-img>\\n<\\\/div>\\n\\n            \\n<\\\/div> \\n    \\n<\\\/a>\"}}]},{\"type\":\"column\",\"props\":{\"image_position\":\"center-center\",\"media_overlay_gradient\":\"\",\"width_medium\":\"1-4\",\"width_small\":\"1-2\"},\"children\":[{\"type\":\"html\",\"props\":{\"content\":\"<a class=\\\"tab-3\\\">\\n\n\n<div class=\\\"about-tabs tab33\\\">\\n\n\n<div class=\\\"my-h3 rounded-p uk-margin-remove-top uk-margin-remove-bottom uk-width-small uk-margin-auto uk-text-center\\\">ACTIVIT\\u00c9S<\\\/div>\\n\n\n<div class=\\\"divimage uk-margin uk-width-large uk-margin-auto uk-text-center\\\">\\n        <img data-src=\\\"\\\/wp-content\\\/uploads\\\/2021\\\/02\\\/tasks-new.png\\\" width=\\\"124px\\\" height=\\\"124px\\\" alt=\\\"Search Tab\\\" uk-img>\\n<\\\/div>\\n\\n            \\n<\\\/div> \\n    \\n<\\\/a>\"}}]},{\"type\":\"column\",\"props\":{\"image_position\":\"center-center\",\"media_overlay_gradient\":\"\",\"width_medium\":\"1-4\",\"width_small\":\"1-2\"},\"children\":[{\"type\":\"html\",\"props\":{\"content\":\"<a class=\\\"tab-4\\\">\\n\n\n<div class=\\\"about-tabs tab44\\\">\\n    \n\n<div class=\\\"my-h3 rounded-p uk-margin-remove-top uk-margin-remove-bottom uk-width-small uk-margin-auto uk-text-center\\\">PARTENAIRES<\\\/div>\\n\n\n<div class=\\\"divimage uk-margin uk-width-large uk-margin-auto uk-text-center\\\">\\n        <img data-src=\\\"\\\/wp-content\\\/uploads\\\/2021\\\/02\\\/tools-new.png\\\" width=\\\"124px\\\" height=\\\"124px\\\" alt=\\\"Search Tab\\\" uk-img>\\n<\\\/div>\\n\\n            \\n<\\\/div> \\n    \\n<\\\/a>\"}}]}],\"props\":{\"layout\":\"1-4,1-4,1-4,1-4|1-2,1-2,1-2,1-2\"}}],\"modified\":\"2021-02-18T09:07:31.488Z\",\"name\":\"image with title Tablet+\"},{\"type\":\"section\",\"props\":{\"style\":\"default\",\"width\":\"default\",\"vertical_align\":\"middle\",\"title_position\":\"top-left\",\"title_rotation\":\"left\",\"title_breakpoint\":\"xl\",\"image_position\":\"center-center\",\"padding_remove_top\":true,\"class\":\"vis-section\",\"id\":\"vis-section\",\"css\":\"@media only screen and (max-width: 480px) {\\n    .el-section{display:none;}\\n    \\n}\"},\"children\":[{\"type\":\"row\",\"children\":[{\"type\":\"column\",\"props\":{\"image_position\":\"center-center\",\"media_overlay_gradient\":\"\"},\"children\":[{\"type\":\"headline\",\"props\":{\"title_element\":\"h2\",\"content\":\"\\u00c0 PROPOS DU PROJET\",\"title_style\":\"h3\",\"position\":\"absolute\",\"class\":\"h-tab1\",\"id\":\"h-tab1\"}},{\"type\":\"headline\",\"props\":{\"title_element\":\"h2\",\"content\":\"OBJECTIFS\",\"title_style\":\"h3\",\"position\":\"absolute\",\"class\":\"h-tab2 opacity0\",\"id\":\"h-tab2\"}},{\"type\":\"headline\",\"props\":{\"title_element\":\"h2\",\"content\":\"ACTIVIT\\u00c9S\",\"title_style\":\"h3\",\"position\":\"absolute\",\"class\":\"h-tab3 opacity0\",\"id\":\"h-tab3\"}},{\"type\":\"headline\",\"props\":{\"title_element\":\"h2\",\"content\":\"PARTENAIRES\",\"title_style\":\"h3\",\"position\":\"absolute\",\"id\":\"h-tab4\",\"class\":\"h-tab4 opacity0\"}},{\"type\":\"divider\",\"props\":{\"divider_element\":\"hr\",\"position\":\"absolute\",\"position_top\":\"50\",\"css\":\".el-element {border-top: 4px solid #F4A362 }\"}}]}]}],\"name\":\"Headers Tablet+\"},{\"type\":\"section\",\"props\":{\"style\":\"default\",\"width\":\"default\",\"vertical_align\":\"middle\",\"title_position\":\"top-left\",\"title_rotation\":\"left\",\"title_breakpoint\":\"xl\",\"image_position\":\"center-center\",\"id\":\"vis-section2\",\"class\":\"vis-section2\",\"padding_remove_top\":true,\"css\":\"@media only screen and (max-width: 480px) {\\n    .el-section{display:none;}\\n    \\n}\"},\"children\":[{\"type\":\"row\",\"children\":[{\"type\":\"column\",\"props\":{\"image_position\":\"center-center\",\"media_overlay_gradient\":\"\"},\"children\":[{\"type\":\"text\",\"props\":{\"margin\":\"default\",\"column_breakpoint\":\"m\",\"content\":\"\n\n<p>La transformation num\\u00e9rique des services publics de protection sociale, qui refl\\u00e8te un large \\u00e9ventail de tendances et d'\\u00e9volutions, devient un objectif cl\\u00e9 dans tous les \\u00c9tats membres de l'UE. Alors que les comp\\u00e9tences num\\u00e9riques sont consid\\u00e9r\\u00e9es comme des comp\\u00e9tences cl\\u00e9s pour l'apprentissage tout au long de la vie et que l'utilisation des nouvelles technologies  est en constante augmentation, certains seniors souhaitent se familiariser avec les TIC. La protection des consommateurs et des donn\\u00e9es personnelles des seniors pendant leur activit\\u00e9 en ligne est une pr\\u00e9occupation g\\u00e9n\\u00e9rale, ind\\u00e9pendamment de leur nationalit\\u00e9 ou de leur lieu de r\\u00e9sidence.<\\\/p>\\n\n\n<p>Il existe un besoin important de former les citoyens europ\\u00e9ens et les seniors sur la mani\\u00e8re d'acc\\u00e9der et de s'engager dans des activit\\u00e9s en ligne en b\\u00e9n\\u00e9ficiant d'un niveau \\u00e9lev\\u00e9 de protection, que ce soit au niveau des droits des consommateurs et des donn\\u00e9es personnelles. C'est pourquoi le projet e-Protect vise \\u00e0 r\\u00e9pondre aux besoins des seniors en mati\\u00e8re de protection et de s\\u00e9curit\\u00e9 en ligne en les familiarisant avec l'utilisation des outils TIC et en leur offrant des possibilit\\u00e9s de formation adapt\\u00e9es qui permettront de relever ces d\\u00e9fis. \\n<\\\/p>\",\"position\":\"absolute\",\"id\":\"element1\",\"class\":\"element1 \"}},{\"type\":\"grid\",\"props\":{\"show_title\":false,\"show_meta\":false,\"show_content\":true,\"show_image\":true,\"show_link\":true,\"grid_default\":\"1\",\"grid_medium\":\"2\",\"filter_style\":\"tab\",\"filter_all\":true,\"filter_position\":\"top\",\"filter_align\":\"left\",\"filter_grid_width\":\"auto\",\"filter_grid_breakpoint\":\"m\",\"title_hover_style\":\"reset\",\"title_element\":\"h3\",\"title_align\":\"top\",\"title_grid_width\":\"1-2\",\"title_grid_breakpoint\":\"m\",\"meta_style\":\"meta\",\"meta_align\":\"below-title\",\"meta_element\":\"div\",\"content_column_breakpoint\":\"m\",\"icon_width\":80,\"image_align\":\"left\",\"image_grid_width\":\"auto\",\"image_grid_breakpoint\":\"\",\"image_svg_color\":\"emphasis\",\"link_text\":\"Read more\",\"link_style\":\"default\",\"margin\":\"default\",\"item_animation\":\"\",\"grid_large\":\"2\",\"image_vertical_align\":true,\"grid_divider\":false,\"image_grid_column_gap\":\"collapse\",\"css\":\".el-item{\\npadding:10px;\\n    border-radius:10px;\\n    background-color:#E8E6E6;\\n}\\nimg {\\n    height:auto;\\n    border-right:4px solid #F4A362;\\nmargin-right:9px;\\npadding-right:5px;}\\n\\n.el-content{\\ncolor:#333333;\\n}\\n\",\"class\":\"element2 opacity0\",\"id\":\"element2\",\"position\":\"absolute\"},\"children\":[{\"type\":\"grid_item\",\"props\":{\"image\":\"wp-content\\\/uploads\\\/2021\\\/02\\\/Group-1028.png\",\"content\":\"R\\u00e9pondre aux besoins des seniors en mati\\u00e8re de protection des consommateurs et des donn\\u00e9es personnelles en ligne en les familiarisant avec l'utilisation des outils TIC et en leur offrant des possibilit\\u00e9s de formation adapt\\u00e9es.\"}},{\"type\":\"grid_item\",\"props\":{\"image\":\"wp-content\\\/uploads\\\/2021\\\/02\\\/2.png\",\"content\":\"\n\n<p>Renforcer la professionalisation et les comp\\u00e9tences des \\u00e9ducateurs d'adultes en mati\\u00e8re de formation des seniors \\u00e0 la protection des consommateurs et des donn\\u00e9es personnelles en ligne.\\n<\\\/p>\"}},{\"type\":\"grid_item\",\"props\":{\"image\":\"wp-content\\\/uploads\\\/2021\\\/02\\\/3.png\",\"content\":\"\n\n<p>Am\\u00e9liorer la qualit\\u00e9 globale de l'\\u00e9ducation des adultes et plus particuli\\u00e8rement des seniors dans les pays participants en s'appuyant sur la recherche \\u00e9ducative, cognitive et technologique.\\n<\\\/p>\"}},{\"type\":\"grid_item\",\"props\":{\"image\":\"wp-content\\\/uploads\\\/2021\\\/02\\\/4.png\",\"content\":\"\n\n<p>Renforcer les pratiques \\u00e9ducatives et r\\u00e9duire les in\\u00e9galit\\u00e9s dans l'acc\\u00e8s des seniors aux services d'\\u00e9ducation.\\n<\\\/p>\"}}]},{\"type\":\"grid\",\"props\":{\"show_title\":false,\"show_meta\":false,\"show_content\":true,\"show_image\":true,\"show_link\":true,\"grid_default\":\"1\",\"grid_medium\":\"2\",\"filter_style\":\"tab\",\"filter_all\":true,\"filter_position\":\"top\",\"filter_align\":\"left\",\"filter_grid_width\":\"auto\",\"filter_grid_breakpoint\":\"m\",\"title_hover_style\":\"reset\",\"title_element\":\"h3\",\"title_align\":\"top\",\"title_grid_width\":\"1-2\",\"title_grid_breakpoint\":\"m\",\"meta_style\":\"meta\",\"meta_align\":\"below-title\",\"meta_element\":\"div\",\"content_column_breakpoint\":\"m\",\"icon_width\":\"\",\"image_align\":\"left\",\"image_grid_width\":\"auto\",\"image_grid_breakpoint\":\"\",\"image_svg_color\":\"emphasis\",\"link_text\":\"Read more\",\"link_style\":\"default\",\"margin\":\"default\",\"item_animation\":\"\",\"grid_large\":\"2\",\"image_vertical_align\":true,\"grid_divider\":false,\"image_grid_column_gap\":\"collapse\",\"css\":\"\\nimg {\\n  border-right:4px solid #F4A362;\\nmargin-right:13px;\\npadding-right:4px;\\n    }\\n\\n.el-content{\\ncolor:#333333;\\n}\\n.element3 .el-item{\\npadding:10px;\\n    border-radius:10px;\\n    background-color:#E8E6E6;\\n}\",\"panel_card_image\":true,\"panel_size\":\"small\",\"id\":\"element3 \",\"class\":\"element3 opacity0\",\"position\":\"absolute\"},\"children\":[{\"type\":\"grid_item\",\"props\":{\"image\":\"wp-content\\\/uploads\\\/2021\\\/02\\\/raise.png\",\"content\":\"\n\n<p>L'\\u00e9chelle de comp\\u00e9tences pour mesurer les connaissances des seniors en mati\\u00e8re de protection des consommateurs et des donn\\u00e9es personnelles. \\n<\\\/p>\"}},{\"type\":\"grid_item\",\"props\":{\"image\":\"wp-content\\\/uploads\\\/2021\\\/02\\\/checklist.png\",\"content\":\"\n\n<p>Le programme d'\\u00e9tudes e-Protect pour la s\\u00e9curit\\u00e9 sur Internet avec des sp\\u00e9cifications sur les r\\u00e9sultats d'apprentissage et l'utilit\\u00e9 de chaque comp\\u00e9tence.\\n<\\\/p>\"}},{\"type\":\"grid_item\",\"props\":{\"image\":\"wp-content\\\/uploads\\\/2021\\\/02\\\/remote.png\",\"content\":\"\n\n<p>La bo\\u00eete \\u00e0 outils e-Protect pour la formation des formateurs en mati\\u00e8re de s\\u00e9curit\\u00e9 sur Internet, destin\\u00e9e \\u00e0 renforcer les capacit\\u00e9s des formateurs d'adultes pour la mise en \\u0153uvre de ce programme de formation novateur destin\\u00e9 aux seniors.\\n<\\\/p>\"}},{\"type\":\"grid_item\",\"props\":{\"image\":\"wp-content\\\/uploads\\\/2021\\\/02\\\/elearn.png\",\"content\":\"\n\n<p>L'espace d\\u2019apprentissage en ligne qui regroupe les ressources d'apprentissage pour rendre tous les outils du projet largement accessibles.\\n<\\\/p>\"}}]},{\"type\":\"text\",\"props\":{\"margin\":\"default\",\"column_breakpoint\":\"m\",\"content\":\"\n\n<p>[widgetkit id=\\\"32\\\"]<\\\/p>\",\"css\":\".wk-grid {\\n    background-color: #E8E6E6;\\n    padding: 10px 15px;\\n    margin-left:0;\\n    border-radius: 10px;\\n\\n}\\n\\n.wk-width-medium-3-4 {\\n    border-left: 4px solid #F4A362;\\n}\\n\\n.wk-slidenav{display:block;\\ncolor:#26A380;}\\n\\n.wk-slidenav:hover{\\ncolor:#F4A362;\\n}\\n\\n\\n.el-element{\\nwidth:90%;}\\n@media only screen and (min-width: 1024px) {\\n  .wk-slidenav-previous {\\n   margin-left:-80px;\\n      \\n  }\\n    .wk-slidenav-next {\\n   margin-right:-80px;\\n      \\n  }\\n    \\n    .wk-width-medium-1-4{\\n    margin-left:-50px;\\n        padding-right:30px;\\n    }\\n    \\n}\\n\\n.wk-dotnav li a {\\nborder:1px solid #F4A362 !important;\\n    background-color:transparent;\\n}\\n.wk-dotnav .wk-active a {\\n\\n    background-color:#F4A362;\\n}\\n\\n.wk-slideshow li {\\n    display: flex;\\n    align-items: center;\\n}\\n\",\"text_align\":\"center\",\"maxwidth\":\"2xlarge\",\"block_align\":\"center\",\"position\":\"relative\",\"id\":\"element4\",\"class\":\"element4 opacity0\"}}]}]}],\"name\":\"Content Tablet+\"},{\"type\":\"section\",\"props\":{\"style\":\"default\",\"width\":\"default\",\"vertical_align\":\"middle\",\"title_position\":\"top-left\",\"title_rotation\":\"left\",\"title_breakpoint\":\"xl\",\"image_position\":\"center-center\",\"css\":\"@media only screen and (min-width: 481px) {\\n    .el-section{display:none;}\\n    \\n}\",\"padding_remove_bottom\":true},\"children\":[{\"type\":\"row\",\"children\":[{\"type\":\"column\",\"props\":{\"image_position\":\"center-center\",\"media_overlay_gradient\":\"\"},\"children\":[{\"type\":\"html\",\"props\":{\"content\":\"<a href=\\\"#\\\" class=\\\"anchor-active anchor-links anchor1\\\">\\u00c0 PROPOS DU PROJET<\\\/a>\\n<a href=\\\"#\\\" class=\\\"anchor-links anchor2\\\">OBJECTIFS<\\\/a>\\n<a href=\\\"#\\\" class=\\\"anchor-links anchor3\\\">ACTIVIT\\u00c9S<\\\/a>\\n<a class=\\\"anchor-links anchor4\\\" href=\\\"#msection4\\\" uk-scroll>PARTENAIRES<\\\/a>\",\"css\":\".el-element{\\ntext-align:center;\\n}\\n\"}}]}]}],\"name\":\"Mobile Anchor Links\"},{\"type\":\"section\",\"props\":{\"style\":\"default\",\"width\":\"default\",\"vertical_align\":\"middle\",\"title_position\":\"top-left\",\"title_rotation\":\"left\",\"title_breakpoint\":\"xl\",\"image_position\":\"center-center\",\"css\":\"@media only screen and (min-width: 481px) {\\n    .el-section{display:none;}\\n    \\n}\",\"class\":\"msection1\"},\"children\":[{\"type\":\"row\",\"children\":[{\"type\":\"column\",\"props\":{\"image_position\":\"center-center\",\"media_overlay_gradient\":\"\"},\"children\":[{\"type\":\"headline\",\"props\":{\"title_element\":\"h2\",\"content\":\"\\u00c0 PROPOS DU PROJET\",\"title_style\":\"h4\",\"class\":\"\",\"margin_remove_bottom\":true}},{\"type\":\"divider\",\"props\":{\"divider_element\":\"hr\",\"position_top\":\"50\",\"css\":\".el-element {border-top: 4px solid #F4A362 }\",\"divider_style\":\"\",\"margin_remove_top\":true}},{\"type\":\"text\",\"props\":{\"margin\":\"default\",\"column_breakpoint\":\"m\",\"content\":\"\n\n<p>La transformation num\\u00e9rique des services publics de protection sociale, qui refl\\u00e8te un large \\u00e9ventail de tendances et d'\\u00e9volutions, devient un objectif cl\\u00e9 dans tous les \\u00c9tats membres de l'UE. Alors que les comp\\u00e9tences num\\u00e9riques sont consid\\u00e9r\\u00e9es comme des comp\\u00e9tences cl\\u00e9s pour l'apprentissage tout au long de la vie et que l'utilisation des nouvelles technologies  est en constante augmentation, certains seniors souhaitent se familiariser avec les TIC. La protection des consommateurs et des donn\\u00e9es personnelles des seniors pendant leur activit\\u00e9 en ligne est une pr\\u00e9occupation g\\u00e9n\\u00e9rale, ind\\u00e9pendamment de leur nationalit\\u00e9 ou de leur lieu de r\\u00e9sidence.<\\\/p>\\n\n\n<p>Il existe un besoin important de former les citoyens europ\\u00e9ens et les seniors sur la mani\\u00e8re d'acc\\u00e9der et de s'engager dans des activit\\u00e9s en ligne en b\\u00e9n\\u00e9ficiant d'un niveau \\u00e9lev\\u00e9 de protection, que ce soit au niveau des droits des consommateurs et des donn\\u00e9es personnelles. C'est pourquoi le projet e-Protect vise \\u00e0 r\\u00e9pondre aux besoins des seniors en mati\\u00e8re de protection et de s\\u00e9curit\\u00e9 en ligne en les familiarisant avec l'utilisation des outils TIC et en leur offrant des possibilit\\u00e9s de formation adapt\\u00e9es qui permettront de relever ces d\\u00e9fis. \\n<\\\/p>\",\"id\":\"melement1\",\"class\":\"element1\"}}]}]}],\"name\":\"Mobile Anchor Links\"},{\"type\":\"section\",\"props\":{\"style\":\"default\",\"width\":\"default\",\"vertical_align\":\"middle\",\"title_position\":\"top-left\",\"title_rotation\":\"left\",\"title_breakpoint\":\"xl\",\"image_position\":\"center-center\",\"css\":\"@media only screen and (min-width: 481px) {\\n    .el-section{display:none;}\\n    \\n}\",\"class\":\"msection2 oh-zero\",\"id\":\"msection2 oh-zero\"},\"children\":[{\"type\":\"row\",\"children\":[{\"type\":\"column\",\"props\":{\"image_position\":\"center-center\",\"media_overlay_gradient\":\"\"},\"children\":[{\"type\":\"headline\",\"props\":{\"title_element\":\"h2\",\"content\":\"OBJECTIFS\",\"title_style\":\"h4\",\"class\":\"\",\"margin_remove_bottom\":true}},{\"type\":\"divider\",\"props\":{\"divider_element\":\"hr\",\"position_top\":\"50\",\"css\":\".el-element {border-top: 4px solid #F4A362 }\",\"divider_style\":\"\",\"margin_remove_top\":true}},{\"type\":\"grid\",\"props\":{\"show_title\":false,\"show_meta\":false,\"show_content\":true,\"show_image\":true,\"show_link\":true,\"grid_default\":\"1\",\"grid_medium\":\"2\",\"filter_style\":\"tab\",\"filter_all\":true,\"filter_position\":\"top\",\"filter_align\":\"left\",\"filter_grid_width\":\"auto\",\"filter_grid_breakpoint\":\"m\",\"title_hover_style\":\"reset\",\"title_element\":\"h3\",\"title_align\":\"top\",\"title_grid_width\":\"1-2\",\"title_grid_breakpoint\":\"m\",\"meta_style\":\"meta\",\"meta_align\":\"below-title\",\"meta_element\":\"div\",\"content_column_breakpoint\":\"m\",\"icon_width\":80,\"image_align\":\"top\",\"image_grid_width\":\"auto\",\"image_grid_breakpoint\":\"\",\"image_svg_color\":\"emphasis\",\"link_text\":\"Read more\",\"link_style\":\"default\",\"margin\":\"default\",\"item_animation\":\"\",\"grid_large\":\"2\",\"image_vertical_align\":true,\"grid_divider\":false,\"image_grid_column_gap\":\"collapse\",\"css\":\"img {\\nheight:56px;\\n}\\n\\n.el-content {\\n    margin-top:0px !important;\\n    border-top:1px solid #F4A362;\\n\\n}\\n\\n.el-content{\\ncolor:#333333;\\n}\\n.el-item{\\npadding:10px;\\n    border-radius:10px;\\n    background-color:#E8E6E6;\\n}\",\"class\":\"\",\"text_align\":\"center\"},\"children\":[{\"type\":\"grid_item\",\"props\":{\"image\":\"wp-content\\\/uploads\\\/2021\\\/02\\\/Group-1028.png\",\"content\":\"\n\n<p>R\\u00e9pondre aux besoins des seniors en mati\\u00e8re de protection des consommateurs et des donn\\u00e9es personnelles en ligne en les familiarisant avec l'utilisation des outils TIC et en leur offrant des possibilit\\u00e9s de formation adapt\\u00e9es.\\n<\\\/p>\"}},{\"type\":\"grid_item\",\"props\":{\"image\":\"wp-content\\\/uploads\\\/2021\\\/02\\\/2.png\",\"content\":\"\n\n<p>Renforcer la professionalisation et les comp\\u00e9tences des \\u00e9ducateurs d'adultes en mati\\u00e8re de formation des seniors \\u00e0 la protection des consommateurs et des donn\\u00e9es personnelles en ligne.<\\\/p>\"}},{\"type\":\"grid_item\",\"props\":{\"image\":\"wp-content\\\/uploads\\\/2021\\\/02\\\/3.png\",\"content\":\"\n\n<p>Am\\u00e9liorer la qualit\\u00e9 globale de l'\\u00e9ducation des adultes et plus particuli\\u00e8rement des seniors dans les pays participants en s'appuyant sur la recherche \\u00e9ducative, cognitive et technologique.<\\\/p>\"}},{\"type\":\"grid_item\",\"props\":{\"image\":\"wp-content\\\/uploads\\\/2021\\\/02\\\/4.png\",\"content\":\"\n\n<p>Renforcer les pratiques \\u00e9ducatives et r\\u00e9duire les in\\u00e9galit\\u00e9s dans l'acc\\u00e8s des seniors aux services d'\\u00e9ducation.<\\\/p>\"}}]}]}]}],\"name\":\"Mobile Anchor Links\"},{\"type\":\"section\",\"props\":{\"style\":\"default\",\"width\":\"default\",\"vertical_align\":\"middle\",\"title_position\":\"top-left\",\"title_rotation\":\"left\",\"title_breakpoint\":\"xl\",\"image_position\":\"center-center\",\"css\":\"@media only screen and (min-width: 481px) {\\n    .el-section{display:none;}\\n    \\n}\",\"class\":\"msection3 oh-zero\",\"id\":\"msection3 oh-zero\"},\"children\":[{\"type\":\"row\",\"children\":[{\"type\":\"column\",\"props\":{\"image_position\":\"center-center\",\"media_overlay_gradient\":\"\"},\"children\":[{\"type\":\"headline\",\"props\":{\"title_element\":\"h2\",\"content\":\"ACTIVIT\\u00c9S\",\"title_style\":\"h4\",\"class\":\"\",\"margin_remove_bottom\":true}},{\"type\":\"divider\",\"props\":{\"divider_element\":\"hr\",\"position_top\":\"50\",\"css\":\".el-element {border-top: 4px solid #F4A362 }\",\"divider_style\":\"\",\"margin_remove_top\":true}},{\"type\":\"grid\",\"props\":{\"show_title\":false,\"show_meta\":false,\"show_content\":true,\"show_image\":true,\"show_link\":true,\"grid_default\":\"1\",\"grid_medium\":\"2\",\"filter_style\":\"tab\",\"filter_all\":true,\"filter_position\":\"top\",\"filter_align\":\"left\",\"filter_grid_width\":\"auto\",\"filter_grid_breakpoint\":\"m\",\"title_hover_style\":\"reset\",\"title_element\":\"h3\",\"title_align\":\"top\",\"title_grid_width\":\"1-2\",\"title_grid_breakpoint\":\"m\",\"meta_style\":\"meta\",\"meta_align\":\"below-title\",\"meta_element\":\"div\",\"content_column_breakpoint\":\"m\",\"icon_width\":\"\",\"image_align\":\"top\",\"image_grid_width\":\"auto\",\"image_grid_breakpoint\":\"\",\"image_svg_color\":\"emphasis\",\"link_text\":\"Read more\",\"link_style\":\"default\",\"margin\":\"default\",\"item_animation\":\"\",\"grid_large\":\"2\",\"image_vertical_align\":true,\"grid_divider\":false,\"image_grid_column_gap\":\"collapse\",\"css\":\"\\n\\nimg {\\n  border-bottom:4px solid #F4A362;\\n\\n    }\\n\\n.el-content{\\ncolor:#333333;\\n}\\n.el-item{\\npadding:10px;\\n    border-radius:10px;\\n    background-color:#E8E6E6;\\n}\",\"panel_card_image\":true,\"panel_size\":\"small\",\"class\":\"\",\"text_align\":\"center\"},\"children\":[{\"type\":\"grid_item\",\"props\":{\"image\":\"wp-content\\\/uploads\\\/2021\\\/02\\\/raise.png\",\"content\":\"\n\n<p>L'\\u00e9chelle de comp\\u00e9tences pour mesurer les connaissances des seniors en mati\\u00e8re de protection des consommateurs et des donn\\u00e9es personnelles. <\\\/p>\"}},{\"type\":\"grid_item\",\"props\":{\"image\":\"wp-content\\\/uploads\\\/2021\\\/02\\\/checklist.png\",\"content\":\"\n\n<p>Le programme d'\\u00e9tudes e-Protect pour la s\\u00e9curit\\u00e9 sur Internet avec des sp\\u00e9cifications sur les r\\u00e9sultats d'apprentissage et l'utilit\\u00e9 de chaque comp\\u00e9tence.<\\\/p>\"}},{\"type\":\"grid_item\",\"props\":{\"image\":\"wp-content\\\/uploads\\\/2021\\\/02\\\/remote.png\",\"content\":\"\n\n<p>La bo\\u00eete \\u00e0 outils e-Protect pour la formation des formateurs en mati\\u00e8re de s\\u00e9curit\\u00e9 sur Internet, destin\\u00e9e \\u00e0 renforcer les capacit\\u00e9s des formateurs d'adultes pour la mise en \\u0153uvre de ce programme de formation novateur destin\\u00e9 aux seniors.<\\\/p>\"}},{\"type\":\"grid_item\",\"props\":{\"image\":\"wp-content\\\/uploads\\\/2021\\\/02\\\/elearn.png\",\"content\":\"\n\n<p>L'espace d\\u2019apprentissage en ligne qui regroupe les ressources d'apprentissage pour rendre tous les outils du projet largement accessibles.<\\\/p>\"}}]}]}]}],\"name\":\"Mobile Anchor Links\"},{\"type\":\"section\",\"props\":{\"style\":\"default\",\"width\":\"default\",\"vertical_align\":\"middle\",\"title_position\":\"top-left\",\"title_rotation\":\"left\",\"title_breakpoint\":\"xl\",\"image_position\":\"center-center\",\"css\":\"@media only screen and (min-width: 481px) {\\n    .el-section{display:none;}\\n    \\n}\\n\\n#page\\\\#7-0-0-2{\\nwidth:100%;\\n}\",\"class\":\"msection4 oh-zero\",\"id\":\"msection4 oh-zero\"},\"children\":[{\"type\":\"row\",\"children\":[{\"type\":\"column\",\"props\":{\"image_position\":\"center-center\",\"media_overlay_gradient\":\"\"},\"children\":[{\"type\":\"headline\",\"props\":{\"title_element\":\"h2\",\"content\":\"PARTENAIRES\",\"title_style\":\"h4\",\"class\":\"\",\"margin_remove_bottom\":true}},{\"type\":\"divider\",\"props\":{\"divider_element\":\"hr\",\"position_top\":\"50\",\"css\":\".el-element {border-top: 4px solid #F4A362 }\",\"divider_style\":\"\",\"margin_remove_top\":true}},{\"type\":\"text\",\"props\":{\"margin\":\"default\",\"column_breakpoint\":\"m\",\"content\":\"\n\n<p>[widgetkit id=\\\"32\\\"]<\\\/p>\",\"css\":\"img {padding-bottom:20px;border-bottom:2px solid #F4A362;}\\n\\n.wk-grid {\\n    background-color: #E8E6E6;\\n  padding:3px;\\n}\\n\\n.wk-width-medium-1-4.wk-row-first {\\n    text-align: center;\\n}\\n\\n\\n\\n.wk-slidenav{display:none;\\ncolor:#26A380;}\\n\\n.wk-slidenav:hover{\\ncolor:#F4A362;\\n}\\n\\n\\n\\n\\n\\n.wk-dotnav li a {\\nborder:1px solid #F4A362 !important;\\n    background-color:transparent;\\n}\\n.wk-dotnav .wk-active a {\\n\\n    background-color:#F4A362;\\n}\\n\\n.wk-margin {\\nfont-size:14px;\\n}\",\"text_align\":\"center\",\"block_align\":\"center\",\"position\":\"relative\",\"class\":\"\"}}]}]}],\"name\":\"Mobile Anchor Links\"}],\"version\":\"2.3.31\"} --><\/p>\n","protected":false},"excerpt":{"rendered":"<p>\u00c0 PROPOS DU PROJET OBJECTIFS ACTIVIT\u00c9S PARTENAIRES \u00c0 PROPOS DU PROJET OBJECTIFS ACTIVIT\u00c9S PARTENAIRES La transformation num\u00e9rique des services publics&#8230;<\/p>\n","protected":false},"author":3,"featured_media":0,"parent":0,"menu_order":0,"comment_status":"closed","ping_status":"closed","template":"","meta":{"_acf_changed":false,"footnotes":""},"class_list":["post-904","page","type-page","status-publish","hentry"],"acf":[],"_links":{"self":[{"href":"https:\/\/eprotect-project.eu\/fr\/wp-json\/wp\/v2\/pages\/904","targetHints":{"allow":["GET"]}}],"collection":[{"href":"https:\/\/eprotect-project.eu\/fr\/wp-json\/wp\/v2\/pages"}],"about":[{"href":"https:\/\/eprotect-project.eu\/fr\/wp-json\/wp\/v2\/types\/page"}],"author":[{"embeddable":true,"href":"https:\/\/eprotect-project.eu\/fr\/wp-json\/wp\/v2\/users\/3"}],"replies":[{"embeddable":true,"href":"https:\/\/eprotect-project.eu\/fr\/wp-json\/wp\/v2\/comments?post=904"}],"version-history":[{"count":26,"href":"https:\/\/eprotect-project.eu\/fr\/wp-json\/wp\/v2\/pages\/904\/revisions"}],"predecessor-version":[{"id":1002,"href":"https:\/\/eprotect-project.eu\/fr\/wp-json\/wp\/v2\/pages\/904\/revisions\/1002"}],"wp:attachment":[{"href":"https:\/\/eprotect-project.eu\/fr\/wp-json\/wp\/v2\/media?parent=904"}],"curies":[{"name":"wp","href":"https:\/\/api.w.org\/{rel}","templated":true}]}}